{"id":1723,"date":"2019-12-21T10:16:00","date_gmt":"2019-12-21T10:16:00","guid":{"rendered":"http:\/\/centredart.in\/?post_type=project&#038;p=1723"},"modified":"2021-10-08T05:12:31","modified_gmt":"2021-10-08T05:12:31","slug":"anima","status":"publish","type":"project","link":"https:\/\/centredart.in\/fr\/project\/anima\/","title":{"rendered":"Anima"},"content":{"rendered":"\n<h1 class=\"wp-block-heading\">Par Jyoti Naoki<\/h1>\n\n<h2 class=\"wp-block-heading\">Du 21 d\u00e9cembre au 14 janvier 2020<\/h2>\n\n<h2 class=\"wp-block-heading\">Vernissage 21 d\u00e9cembre \u00e0 16h30<\/h2>\n\n<div style=\"height:50px\" aria-hidden=\"true\" class=\"wp-block-spacer\"><\/div>\n\n<figure class=\"wp-block-image size-large\"><img decoding=\"async\" width=\"741\" height=\"1024\" src=\"http:\/\/centredart.in\/wp-content\/uploads\/2021\/08\/1912_ANIMA2-741x1024.jpg\" alt=\"\" class=\"wp-image-1720\" srcset=\"http:\/\/centredart.in\/wp-content\/uploads\/2021\/08\/1912_ANIMA2-741x1024.jpg 741w, http:\/\/centredart.in\/wp-content\/uploads\/2021\/08\/1912_ANIMA2-480x663.jpg 480w\" sizes=\"(min-width: 0px) and (max-width: 480px) 480px, (min-width: 481px) 741px, 100vw\" \/><\/figure>\n\n<p>ANIMA est le nom voulu par Jyoti Naoki Eri pour sa nouvelle exposition. Anima, en latin, c\u2019est l\u2019\u00e2me, c\u2019est aussi anim\u00e9, dou\u00e9 de mouvement. Jyoti, d\u2019origine japonaise, de son pass\u00e9 animiste, cherche le divin en toute chose, le divin est partout : dans toutes les manifestations de la vie, dans toutes les formes de la nature. Comme un entomologiste, comme un astrophysicien, il en \u00e9tudie les \u00e9manations et les m\u00e9tamorphoses, en suit  la trace dans des espaces ou ne semble r\u00e9gner que le vide, invente de nouvelles \u00e9quations.<\/p>\n\n<p><p>Jyoti est un artiste poly\u00e9drique\u00a0: il est peintre, sculpteur, photographe, c\u00e9ramiste, designer, architecte de jardin.\u00a0 Ne craignant pas les contaminations, il croise entre elle ces diff\u00e9rentes disciplines, exp\u00e9rimente des hybridations\u00a0 pour tenter peut \u00eatre de cr\u00e9er de nouvelles formes de vie ou de v\u00e9rifier des th\u00e9ories.<\/p><\/p>\n\n<p><p>Il travaille par s\u00e9ries, allant jusqu\u2019au bout de chacun des chemins que lui-m\u00eame a trac\u00e9, des contraintes qu\u2019il s\u2019est impos\u00e9 comme\u00a0 une sorte de cadrage , ne pouvant s\u2019arr\u00eater et conclure la s\u00e9rie, de son propre aveu, que lorsque ses possibilit\u00e9s sont \u00e9puis\u00e9es. Son processus cr\u00e9atif se nourrit de toutes ses exp\u00e9riences, de toutes ses d\u00e9couvertes, c\u2019est \u00e0\u00a0 tous les effets un yoga.<\/p>&#13;\n<p>Cette exposition, r\u00e9sultat de plus de quatre ans d\u2019exploration, pr\u00e9sente des \u0153uvres m\u00ealant peinture,\u00a0 sculptures, photographie.<\/p><\/p>\n\n<p><p><br\/>Three main series emerge.<\/p><\/p>\n\n<p><p>Trois\u00a0 principales s\u00e9ries en \u00e9mergent.<\/p>&#13;\n<p>La s\u00e9rie Vessel interroge, \u00e0\u00a0 travers la forme d\u2019un vase, ou d\u2019un mannequin \u00e0\u00a0 forme humaine,\u00a0 la dualit\u00e9 \u00e2me\/corps et son rapport avec l\u2019univers. Le vase, comme le corps, est le contenant. Peut on r\u00e9ellement appr\u00e9hender ce qu\u2019en serait le contenu, l\u2019\u00e2me\u00a0? Quelle est la forme et la couleur de l\u2019\u00e2me\u00a0? Est-elle dedans\u00a0? Est-elle dehors\u00a0? Que se passe-t-il au milieu\u00a0? Ce qui fascine l\u2019artiste, c\u2019est cet entre deux, c\u2019est la fronti\u00e8re. En un jeu hypnotique entre l\u2019objet et le fond,\u00a0 il intervertit les champs chromatiques, substitue le plein au vide, l\u2019int\u00e9rieur \u00e0 l\u2019ext\u00e9rieur, la profondeur \u00e0 la surface. Les tons \u00e9blouissants distraient la r\u00e9tine de ce qui se trame dans l\u2019invisible,\u00a0 comme un magicien\u00a0 d\u00e9tourne l\u2019attention de son public. Ce que sugg\u00e8re l\u2019artiste, c\u2019est que peut \u00eatre, derri\u00e8re l\u2019apparence, notre substance et celle du monde sont les m\u00eames, et que notre alt\u00e9rit\u00e9 n\u2019est au fond qu\u2019une illusion d\u2019optique.<\/p><\/p>\n\n<p><p>\u00a0<\/p>&#13;\n<p>Dans la s\u00e9rie Windows, Jyoti utilise la calligraphie, dont il\u00a0 \u00e9limine l\u2019\u00e9criture pour ne garder que le geste. Il aime le moment ou la ligne devient totalement spontan\u00e9e, une \u00e9pure d\u2019action trac\u00e9e dans l\u2019instant.<\/p><\/p>\n\n<p><p>Parfois il choisit l\u2019indigo et obtient une composition monochrome, parfois, et selon son humeur, les couleurs sont vives et vari\u00e9es, parfois, il m\u00e9lange. Car la composition achev\u00e9e est fragment\u00e9e en carr\u00e9s et recompos\u00e9e. Chaque nouveau morceau, avec en son centre un petit carr\u00e9 d\u2019or, son noyau divin,\u00a0 est une fen\u00eatre, un monde en soi et acquiert\u00a0 une nouvelle signification de par sa position dans la composition et la mani\u00e8re dont il se combine avec l\u2019ensemble. Cette abstraction visuelle, pour Jyoti, symbolise la r\u00e9incarnation de l\u2019\u00e2me, qui, lib\u00e9r\u00e9e de l\u2019existence pr\u00e9c\u00e9dente, peut commencer une vie nouvelle. Chaque mouvement, morcel\u00e9 ou dans son ensemble est un diff\u00e9rent aspect du divin en devenir.\u00a0<\/p><\/p>\n\n<p><p>Et c\u2019est encore de fen\u00eatres qu\u2019il s\u2019agit dans la troisi\u00e8me s\u00e9rie propos\u00e9e par l\u2019artiste, la plus r\u00e9cente, intitul\u00e9e Lotus. Si le symbolisme demeure pr\u00e9pond\u00e9rant, avec le choix de fen\u00eatres de feuille d\u2019or flottant entre premier plan et fond, Lotus marque un retour \u00e0 la repr\u00e9sentation figurative, un changement appel\u00e9 par une profonde exigence int\u00e9rieure.<\/p><\/p>\n\n<p><p>\u00ab\u00a0J\u2019avais besoin de la clart\u00e9 du lotus pour compl\u00e9ter mon processus cr\u00e9atif-explique Jyoti- un artiste ne travaille pas que sur des \u00e9motions positives, et c\u2019est parfois lourd a porter. Cette nouvelle s\u00e9rie r\u00e9pond donc a une n\u00e9cessit\u00e9. Je voulais une r\u00e9ponse, et je l\u2019ai obtenue.\u00a0\u00bb<\/p><\/p>\n\n<p><p><br\/>The answer of Jyoti stands before us today, exposed in its magnificent evidence: the man who is the window, the man who is the instrument finds here the absolute bliss of the divine presence in all the levels of creation, and manifests the joy of the being who acknowledges in itself the almost forgotten secret of its own truth.<\/p><\/p>\n\n<p><p><br\/>Dominique Jacques, d\u00e9cembre 2019<\/p><\/p>\n","protected":false},"excerpt":{"rendered":"<p>Du 21 d\u00e9c. au 4 jan. 2020<\/p>\n","protected":false},"author":2,"featured_media":1894,"comment_status":"closed","ping_status":"closed","template":"","meta":{"_acf_changed":false,"_et_pb_use_builder":"off","_et_pb_old_content":"","_et_gb_content_width":"","footnotes":""},"project_category":[],"project_tag":[],"class_list":["post-1723","project","type-project","status-publish","has-post-thumbnail","hentry"],"acf":[],"yoast_head":"<!-- This site is optimized with the Yoast SEO plugin v27.5 - https:\/\/yoast.com\/product\/yoast-seo-wordpress\/ -->\n<title>Anima - Centre d&#039;art<\/title>\n<meta name=\"robots\" content=\"index, follow, max-snippet:-1, max-image-preview:large, max-video-preview:-1\" \/>\n<link rel=\"canonical\" href=\"https:\/\/centredart.in\/fr\/project\/anima\/\" \/>\n<meta property=\"og:locale\" content=\"fr_FR\" \/>\n<meta property=\"og:type\" content=\"article\" \/>\n<meta property=\"og:title\" content=\"Anima - Centre d&#039;art\" \/>\n<meta property=\"og:description\" content=\"Du 21 d\u00e9c. au 4 jan. 2020\" \/>\n<meta property=\"og:url\" content=\"https:\/\/centredart.in\/fr\/project\/anima\/\" \/>\n<meta property=\"og:site_name\" content=\"Centre d&#039;art\" \/>\n<meta property=\"article:modified_time\" content=\"2021-10-08T05:12:31+00:00\" \/>\n<meta property=\"og:image\" content=\"https:\/\/centredart.in\/wp-content\/uploads\/2019\/12\/1912_ANIMA2b.jpg\" \/>\n\t<meta property=\"og:image:width\" content=\"761\" \/>\n\t<meta property=\"og:image:height\" content=\"478\" \/>\n\t<meta property=\"og:image:type\" content=\"image\/jpeg\" \/>\n<meta name=\"twitter:card\" content=\"summary_large_image\" \/>\n<meta name=\"twitter:label1\" content=\"Dur\u00e9e de lecture estim\u00e9e\" \/>\n\t<meta name=\"twitter:data1\" content=\"4 minutes\" \/>\n<script type=\"application\/ld+json\" class=\"yoast-schema-graph\">{\"@context\":\"https:\\\/\\\/schema.org\",\"@graph\":[{\"@type\":\"WebPage\",\"@id\":\"https:\\\/\\\/centredart.in\\\/fr\\\/project\\\/anima\\\/\",\"url\":\"https:\\\/\\\/centredart.in\\\/fr\\\/project\\\/anima\\\/\",\"name\":\"Anima - Centre d&#039;art\",\"isPartOf\":{\"@id\":\"https:\\\/\\\/centredart.in\\\/fr\\\/#website\"},\"primaryImageOfPage\":{\"@id\":\"https:\\\/\\\/centredart.in\\\/fr\\\/project\\\/anima\\\/#primaryimage\"},\"image\":{\"@id\":\"https:\\\/\\\/centredart.in\\\/fr\\\/project\\\/anima\\\/#primaryimage\"},\"thumbnailUrl\":\"https:\\\/\\\/centredart.in\\\/wp-content\\\/uploads\\\/2019\\\/12\\\/1912_ANIMA2b.jpg\",\"datePublished\":\"2019-12-21T10:16:00+00:00\",\"dateModified\":\"2021-10-08T05:12:31+00:00\",\"breadcrumb\":{\"@id\":\"https:\\\/\\\/centredart.in\\\/fr\\\/project\\\/anima\\\/#breadcrumb\"},\"inLanguage\":\"fr-FR\",\"potentialAction\":[{\"@type\":\"ReadAction\",\"target\":[\"https:\\\/\\\/centredart.in\\\/fr\\\/project\\\/anima\\\/\"]}]},{\"@type\":\"ImageObject\",\"inLanguage\":\"fr-FR\",\"@id\":\"https:\\\/\\\/centredart.in\\\/fr\\\/project\\\/anima\\\/#primaryimage\",\"url\":\"https:\\\/\\\/centredart.in\\\/wp-content\\\/uploads\\\/2019\\\/12\\\/1912_ANIMA2b.jpg\",\"contentUrl\":\"https:\\\/\\\/centredart.in\\\/wp-content\\\/uploads\\\/2019\\\/12\\\/1912_ANIMA2b.jpg\",\"width\":761,\"height\":478},{\"@type\":\"BreadcrumbList\",\"@id\":\"https:\\\/\\\/centredart.in\\\/fr\\\/project\\\/anima\\\/#breadcrumb\",\"itemListElement\":[{\"@type\":\"ListItem\",\"position\":1,\"name\":\"Home\",\"item\":\"https:\\\/\\\/centredart.in\\\/fr\\\/\"},{\"@type\":\"ListItem\",\"position\":2,\"name\":\"Projets\",\"item\":\"https:\\\/\\\/centredart.in\\\/fr\\\/project\\\/\"},{\"@type\":\"ListItem\",\"position\":3,\"name\":\"Anima\"}]},{\"@type\":\"WebSite\",\"@id\":\"https:\\\/\\\/centredart.in\\\/fr\\\/#website\",\"url\":\"https:\\\/\\\/centredart.in\\\/fr\\\/\",\"name\":\"Centre d&#039;art\",\"description\":\"Auroville&#039;s Art Gallery\",\"publisher\":{\"@id\":\"https:\\\/\\\/centredart.in\\\/fr\\\/#organization\"},\"potentialAction\":[{\"@type\":\"SearchAction\",\"target\":{\"@type\":\"EntryPoint\",\"urlTemplate\":\"https:\\\/\\\/centredart.in\\\/fr\\\/?s={search_term_string}\"},\"query-input\":{\"@type\":\"PropertyValueSpecification\",\"valueRequired\":true,\"valueName\":\"search_term_string\"}}],\"inLanguage\":\"fr-FR\"},{\"@type\":\"Organization\",\"@id\":\"https:\\\/\\\/centredart.in\\\/fr\\\/#organization\",\"name\":\"Centre d'Art\",\"url\":\"https:\\\/\\\/centredart.in\\\/fr\\\/\",\"logo\":{\"@type\":\"ImageObject\",\"inLanguage\":\"fr-FR\",\"@id\":\"https:\\\/\\\/centredart.in\\\/fr\\\/#\\\/schema\\\/logo\\\/image\\\/\",\"url\":\"http:\\\/\\\/centredart.in\\\/wp-content\\\/uploads\\\/2021\\\/06\\\/CentredARTLogoLong.png\",\"contentUrl\":\"http:\\\/\\\/centredart.in\\\/wp-content\\\/uploads\\\/2021\\\/06\\\/CentredARTLogoLong.png\",\"width\":660,\"height\":314,\"caption\":\"Centre d'Art\"},\"image\":{\"@id\":\"https:\\\/\\\/centredart.in\\\/fr\\\/#\\\/schema\\\/logo\\\/image\\\/\"},\"sameAs\":[\"https:\\\/\\\/www.instagram.com\\\/accounts\\\/login\\\/\",\"https:\\\/\\\/www.youtube.com\\\/channel\\\/UC-uyzaB-uXZ07qyRtwN3IOg\"]}]}<\/script>\n<!-- \/ Yoast SEO plugin. -->","yoast_head_json":{"title":"Anima - Centre d&#039;art","robots":{"index":"index","follow":"follow","max-snippet":"max-snippet:-1","max-image-preview":"max-image-preview:large","max-video-preview":"max-video-preview:-1"},"canonical":"https:\/\/centredart.in\/fr\/project\/anima\/","og_locale":"fr_FR","og_type":"article","og_title":"Anima - Centre d&#039;art","og_description":"Du 21 d\u00e9c. au 4 jan. 2020","og_url":"https:\/\/centredart.in\/fr\/project\/anima\/","og_site_name":"Centre d&#039;art","article_modified_time":"2021-10-08T05:12:31+00:00","og_image":[{"width":761,"height":478,"url":"https:\/\/centredart.in\/wp-content\/uploads\/2019\/12\/1912_ANIMA2b.jpg","type":"image\/jpeg"}],"twitter_card":"summary_large_image","twitter_misc":{"Dur\u00e9e de lecture estim\u00e9e":"4 minutes"},"schema":{"@context":"https:\/\/schema.org","@graph":[{"@type":"WebPage","@id":"https:\/\/centredart.in\/fr\/project\/anima\/","url":"https:\/\/centredart.in\/fr\/project\/anima\/","name":"Anima - Centre d&#039;art","isPartOf":{"@id":"https:\/\/centredart.in\/fr\/#website"},"primaryImageOfPage":{"@id":"https:\/\/centredart.in\/fr\/project\/anima\/#primaryimage"},"image":{"@id":"https:\/\/centredart.in\/fr\/project\/anima\/#primaryimage"},"thumbnailUrl":"https:\/\/centredart.in\/wp-content\/uploads\/2019\/12\/1912_ANIMA2b.jpg","datePublished":"2019-12-21T10:16:00+00:00","dateModified":"2021-10-08T05:12:31+00:00","breadcrumb":{"@id":"https:\/\/centredart.in\/fr\/project\/anima\/#breadcrumb"},"inLanguage":"fr-FR","potentialAction":[{"@type":"ReadAction","target":["https:\/\/centredart.in\/fr\/project\/anima\/"]}]},{"@type":"ImageObject","inLanguage":"fr-FR","@id":"https:\/\/centredart.in\/fr\/project\/anima\/#primaryimage","url":"https:\/\/centredart.in\/wp-content\/uploads\/2019\/12\/1912_ANIMA2b.jpg","contentUrl":"https:\/\/centredart.in\/wp-content\/uploads\/2019\/12\/1912_ANIMA2b.jpg","width":761,"height":478},{"@type":"BreadcrumbList","@id":"https:\/\/centredart.in\/fr\/project\/anima\/#breadcrumb","itemListElement":[{"@type":"ListItem","position":1,"name":"Home","item":"https:\/\/centredart.in\/fr\/"},{"@type":"ListItem","position":2,"name":"Projets","item":"https:\/\/centredart.in\/fr\/project\/"},{"@type":"ListItem","position":3,"name":"Anima"}]},{"@type":"WebSite","@id":"https:\/\/centredart.in\/fr\/#website","url":"https:\/\/centredart.in\/fr\/","name":"Centre d&#039;art","description":"Auroville&#039;s Art Gallery","publisher":{"@id":"https:\/\/centredart.in\/fr\/#organization"},"potentialAction":[{"@type":"SearchAction","target":{"@type":"EntryPoint","urlTemplate":"https:\/\/centredart.in\/fr\/?s={search_term_string}"},"query-input":{"@type":"PropertyValueSpecification","valueRequired":true,"valueName":"search_term_string"}}],"inLanguage":"fr-FR"},{"@type":"Organization","@id":"https:\/\/centredart.in\/fr\/#organization","name":"Centre d'Art","url":"https:\/\/centredart.in\/fr\/","logo":{"@type":"ImageObject","inLanguage":"fr-FR","@id":"https:\/\/centredart.in\/fr\/#\/schema\/logo\/image\/","url":"http:\/\/centredart.in\/wp-content\/uploads\/2021\/06\/CentredARTLogoLong.png","contentUrl":"http:\/\/centredart.in\/wp-content\/uploads\/2021\/06\/CentredARTLogoLong.png","width":660,"height":314,"caption":"Centre d'Art"},"image":{"@id":"https:\/\/centredart.in\/fr\/#\/schema\/logo\/image\/"},"sameAs":["https:\/\/www.instagram.com\/accounts\/login\/","https:\/\/www.youtube.com\/channel\/UC-uyzaB-uXZ07qyRtwN3IOg"]}]}},"_links":{"self":[{"href":"https:\/\/centredart.in\/fr\/wp-json\/wp\/v2\/project\/1723","targetHints":{"allow":["GET"]}}],"collection":[{"href":"https:\/\/centredart.in\/fr\/wp-json\/wp\/v2\/project"}],"about":[{"href":"https:\/\/centredart.in\/fr\/wp-json\/wp\/v2\/types\/project"}],"author":[{"embeddable":true,"href":"https:\/\/centredart.in\/fr\/wp-json\/wp\/v2\/users\/2"}],"replies":[{"embeddable":true,"href":"https:\/\/centredart.in\/fr\/wp-json\/wp\/v2\/comments?post=1723"}],"version-history":[{"count":0,"href":"https:\/\/centredart.in\/fr\/wp-json\/wp\/v2\/project\/1723\/revisions"}],"wp:featuredmedia":[{"embeddable":true,"href":"https:\/\/centredart.in\/fr\/wp-json\/wp\/v2\/media\/1894"}],"wp:attachment":[{"href":"https:\/\/centredart.in\/fr\/wp-json\/wp\/v2\/media?parent=1723"}],"wp:term":[{"taxonomy":"project_category","embeddable":true,"href":"https:\/\/centredart.in\/fr\/wp-json\/wp\/v2\/project_category?post=1723"},{"taxonomy":"project_tag","embeddable":true,"href":"https:\/\/centredart.in\/fr\/wp-json\/wp\/v2\/project_tag?post=1723"}],"curies":[{"name":"wp","href":"https:\/\/api.w.org\/{rel}","templated":true}]}}