{"id":2020,"date":"2021-09-06T05:43:49","date_gmt":"2021-09-06T05:43:49","guid":{"rendered":"http:\/\/centredart.in\/project\/berlin\/"},"modified":"2021-11-09T06:27:25","modified_gmt":"2021-11-09T06:27:25","slug":"berlin","status":"publish","type":"project","link":"https:\/\/centredart.in\/fr\/project\/berlin\/","title":{"rendered":"Berlin"},"content":{"rendered":"\n<h1 class=\"wp-block-heading\">par Eric Chacra<\/h1>\n\n<h2 class=\"wp-block-heading\">Du 17 septembre au 2 octobre<\/h2>\n\n<h2 class=\"wp-block-heading\">14h30-17h &#8211; Gallerie 1 &#8211; Ferm\u00e9 le dimanche<\/h2>\n\n<h2 class=\"wp-block-heading\">Vernissage vendredi 17 septembre \u00e0 16h30<\/h2>\n\n<div style=\"height:50px\" aria-hidden=\"true\" class=\"wp-block-spacer\"><\/div>\n\n<div class=\"wp-block-image\"><figure class=\"aligncenter size-full\"><img decoding=\"async\" width=\"595\" height=\"842\" src=\"http:\/\/centredart.in\/wp-content\/uploads\/2021\/09\/2109_BERLIN.jpg\" alt=\"\" class=\"wp-image-2001\" srcset=\"http:\/\/centredart.in\/wp-content\/uploads\/2021\/09\/2109_BERLIN.jpg 595w, http:\/\/centredart.in\/wp-content\/uploads\/2021\/09\/2109_BERLIN-480x679.jpg 480w\" sizes=\"(min-width: 0px) and (max-width: 480px) 480px, (min-width: 481px) 595px, 100vw\" \/><\/figure><\/div>\n\n<p><p><b>J\u2019ai eu la chance de pouvoir organiser mon emploi du temps \u00e0 mon gr\u00e9 afin de pouvoir rencontrer, la plupart du temps, mes clients \u00e0 pied.<\/b><\/p>&#13;\n<p><b>Le temps\u2026 Un espace pour soi-m\u00eame et pour les autres, une valeur pr\u00e9cieuse de nos jours, de mon point de vue.<\/b><\/p><\/p>\n\n<p><p><b>Le chemin qui m\u2019est unique dans l\u2019art de la photographie implique d\u2019essayer de garder le c\u0153ur ouvert (de l\u2019ouvrir de plus en plus int\u00e9gralement) et de travailler sur l\u2019attention. Le plus dur pour moi est de ne pas essayer de prendre de photos. L\u2019id\u00e9e est \u00e9galement de cultiver mon esprit dans la pratique de diff\u00e9rentes disciplines artistiques qui pourraient me donner de l\u2019inspiration. Et ensuite, pas de contraintes ext\u00e9rieures pour faire des photos un luxe&#8230;<\/b><\/p><\/p>\n\n<p><p><b>Une phrase que j\u2019aime beaucoup (qui n\u2019est pas de moi): Si vous comprenez, les choses sont telles qu\u2019elles sont, si vous ne comprenez pas, les choses sont telles qu\u2019elles sont.<\/b><\/p><\/p>\n\n<p><p><span style=\"font-weight: 400;\">Berlin, l\u2019id\u00e9e:<\/span><\/p>&#13;\n<p><span style=\"font-weight: 400;\">Venant de Paris o\u00f9 les gens sont tr\u00e8s sensibles lorsque quelqu\u2019un qu\u2019ils ne connaissent pas les prend en photo (photo de rue), Berlin \u00e9tait, au moment o\u00f9 ont \u00e9t\u00e9 prises ces photos (1998-2010) un endroit o\u00f9 je pouvais avoir mon appareil et me relaxer.<\/span><\/p>&#13;\n<p><span style=\"font-weight: 400;\">Cela vient de la m\u00eame id\u00e9e que lors de la pr\u00e9c\u00e9dente exposition avec les photos de France : oublier que j\u2019ai un appareil, oublier la volont\u00e9 de prendre une photo, un mental calme et \u2026 clic!<\/span><\/p><\/p>\n\n<p><p><span style=\"font-weight: 400;\">Et puis, me d\u00e9couvrir moi m\u00eame \u00e0 travers les photos o\u00f9 je peux observer si elles ont \u00e9t\u00e9 prises par Eric ou par\u2026 la Ericitude\u2026<\/span><\/p><\/p>\n\n<p><\/p>\n","protected":false},"excerpt":{"rendered":"<p>Du 17 sept. au 2 oct. 2021<\/p>\n","protected":false},"author":2,"featured_media":2005,"comment_status":"closed","ping_status":"closed","template":"","meta":{"_acf_changed":false,"_et_pb_use_builder":"off","_et_pb_old_content":"","_et_gb_content_width":"","footnotes":""},"project_category":[],"project_tag":[],"class_list":["post-2020","project","type-project","status-publish","has-post-thumbnail","hentry"],"acf":[],"yoast_head":"<!-- This site is optimized with the Yoast SEO plugin v27.5 - https:\/\/yoast.com\/product\/yoast-seo-wordpress\/ -->\n<title>Berlin - Centre d&#039;art<\/title>\n<meta name=\"robots\" content=\"index, follow, max-snippet:-1, max-image-preview:large, max-video-preview:-1\" \/>\n<link rel=\"canonical\" href=\"https:\/\/centredart.in\/fr\/project\/berlin\/\" \/>\n<meta property=\"og:locale\" content=\"fr_FR\" \/>\n<meta property=\"og:type\" content=\"article\" \/>\n<meta property=\"og:title\" content=\"Berlin - Centre d&#039;art\" \/>\n<meta property=\"og:description\" content=\"Du 17 sept. au 2 oct. 2021\" \/>\n<meta property=\"og:url\" content=\"https:\/\/centredart.in\/fr\/project\/berlin\/\" \/>\n<meta property=\"og:site_name\" content=\"Centre d&#039;art\" \/>\n<meta property=\"article:modified_time\" content=\"2021-11-09T06:27:25+00:00\" \/>\n<meta property=\"og:image\" content=\"https:\/\/centredart.in\/wp-content\/uploads\/2021\/09\/2109_BERLIN_2.jpg\" \/>\n\t<meta property=\"og:image:width\" content=\"565\" \/>\n\t<meta property=\"og:image:height\" content=\"351\" \/>\n\t<meta property=\"og:image:type\" content=\"image\/jpeg\" \/>\n<meta name=\"twitter:card\" content=\"summary_large_image\" \/>\n<meta name=\"twitter:label1\" content=\"Dur\u00e9e de lecture estim\u00e9e\" \/>\n\t<meta name=\"twitter:data1\" content=\"2 minutes\" \/>\n<script type=\"application\/ld+json\" class=\"yoast-schema-graph\">{\"@context\":\"https:\\\/\\\/schema.org\",\"@graph\":[{\"@type\":\"WebPage\",\"@id\":\"https:\\\/\\\/centredart.in\\\/fr\\\/project\\\/berlin\\\/\",\"url\":\"https:\\\/\\\/centredart.in\\\/fr\\\/project\\\/berlin\\\/\",\"name\":\"Berlin - Centre d&#039;art\",\"isPartOf\":{\"@id\":\"https:\\\/\\\/centredart.in\\\/fr\\\/#website\"},\"primaryImageOfPage\":{\"@id\":\"https:\\\/\\\/centredart.in\\\/fr\\\/project\\\/berlin\\\/#primaryimage\"},\"image\":{\"@id\":\"https:\\\/\\\/centredart.in\\\/fr\\\/project\\\/berlin\\\/#primaryimage\"},\"thumbnailUrl\":\"https:\\\/\\\/centredart.in\\\/wp-content\\\/uploads\\\/2021\\\/09\\\/2109_BERLIN_2.jpg\",\"datePublished\":\"2021-09-06T05:43:49+00:00\",\"dateModified\":\"2021-11-09T06:27:25+00:00\",\"breadcrumb\":{\"@id\":\"https:\\\/\\\/centredart.in\\\/fr\\\/project\\\/berlin\\\/#breadcrumb\"},\"inLanguage\":\"fr-FR\",\"potentialAction\":[{\"@type\":\"ReadAction\",\"target\":[\"https:\\\/\\\/centredart.in\\\/fr\\\/project\\\/berlin\\\/\"]}]},{\"@type\":\"ImageObject\",\"inLanguage\":\"fr-FR\",\"@id\":\"https:\\\/\\\/centredart.in\\\/fr\\\/project\\\/berlin\\\/#primaryimage\",\"url\":\"https:\\\/\\\/centredart.in\\\/wp-content\\\/uploads\\\/2021\\\/09\\\/2109_BERLIN_2.jpg\",\"contentUrl\":\"https:\\\/\\\/centredart.in\\\/wp-content\\\/uploads\\\/2021\\\/09\\\/2109_BERLIN_2.jpg\",\"width\":565,\"height\":351},{\"@type\":\"BreadcrumbList\",\"@id\":\"https:\\\/\\\/centredart.in\\\/fr\\\/project\\\/berlin\\\/#breadcrumb\",\"itemListElement\":[{\"@type\":\"ListItem\",\"position\":1,\"name\":\"Home\",\"item\":\"https:\\\/\\\/centredart.in\\\/fr\\\/\"},{\"@type\":\"ListItem\",\"position\":2,\"name\":\"Projets\",\"item\":\"https:\\\/\\\/centredart.in\\\/fr\\\/project\\\/\"},{\"@type\":\"ListItem\",\"position\":3,\"name\":\"Berlin\"}]},{\"@type\":\"WebSite\",\"@id\":\"https:\\\/\\\/centredart.in\\\/fr\\\/#website\",\"url\":\"https:\\\/\\\/centredart.in\\\/fr\\\/\",\"name\":\"Centre d&#039;art\",\"description\":\"Auroville&#039;s Art Gallery\",\"publisher\":{\"@id\":\"https:\\\/\\\/centredart.in\\\/fr\\\/#organization\"},\"potentialAction\":[{\"@type\":\"SearchAction\",\"target\":{\"@type\":\"EntryPoint\",\"urlTemplate\":\"https:\\\/\\\/centredart.in\\\/fr\\\/?s={search_term_string}\"},\"query-input\":{\"@type\":\"PropertyValueSpecification\",\"valueRequired\":true,\"valueName\":\"search_term_string\"}}],\"inLanguage\":\"fr-FR\"},{\"@type\":\"Organization\",\"@id\":\"https:\\\/\\\/centredart.in\\\/fr\\\/#organization\",\"name\":\"Centre d'Art\",\"url\":\"https:\\\/\\\/centredart.in\\\/fr\\\/\",\"logo\":{\"@type\":\"ImageObject\",\"inLanguage\":\"fr-FR\",\"@id\":\"https:\\\/\\\/centredart.in\\\/fr\\\/#\\\/schema\\\/logo\\\/image\\\/\",\"url\":\"http:\\\/\\\/centredart.in\\\/wp-content\\\/uploads\\\/2021\\\/06\\\/CentredARTLogoLong.png\",\"contentUrl\":\"http:\\\/\\\/centredart.in\\\/wp-content\\\/uploads\\\/2021\\\/06\\\/CentredARTLogoLong.png\",\"width\":660,\"height\":314,\"caption\":\"Centre d'Art\"},\"image\":{\"@id\":\"https:\\\/\\\/centredart.in\\\/fr\\\/#\\\/schema\\\/logo\\\/image\\\/\"},\"sameAs\":[\"https:\\\/\\\/www.instagram.com\\\/accounts\\\/login\\\/\",\"https:\\\/\\\/www.youtube.com\\\/channel\\\/UC-uyzaB-uXZ07qyRtwN3IOg\"]}]}<\/script>\n<!-- \/ Yoast SEO plugin. -->","yoast_head_json":{"title":"Berlin - Centre d&#039;art","robots":{"index":"index","follow":"follow","max-snippet":"max-snippet:-1","max-image-preview":"max-image-preview:large","max-video-preview":"max-video-preview:-1"},"canonical":"https:\/\/centredart.in\/fr\/project\/berlin\/","og_locale":"fr_FR","og_type":"article","og_title":"Berlin - Centre d&#039;art","og_description":"Du 17 sept. au 2 oct. 2021","og_url":"https:\/\/centredart.in\/fr\/project\/berlin\/","og_site_name":"Centre d&#039;art","article_modified_time":"2021-11-09T06:27:25+00:00","og_image":[{"width":565,"height":351,"url":"https:\/\/centredart.in\/wp-content\/uploads\/2021\/09\/2109_BERLIN_2.jpg","type":"image\/jpeg"}],"twitter_card":"summary_large_image","twitter_misc":{"Dur\u00e9e de lecture estim\u00e9e":"2 minutes"},"schema":{"@context":"https:\/\/schema.org","@graph":[{"@type":"WebPage","@id":"https:\/\/centredart.in\/fr\/project\/berlin\/","url":"https:\/\/centredart.in\/fr\/project\/berlin\/","name":"Berlin - Centre d&#039;art","isPartOf":{"@id":"https:\/\/centredart.in\/fr\/#website"},"primaryImageOfPage":{"@id":"https:\/\/centredart.in\/fr\/project\/berlin\/#primaryimage"},"image":{"@id":"https:\/\/centredart.in\/fr\/project\/berlin\/#primaryimage"},"thumbnailUrl":"https:\/\/centredart.in\/wp-content\/uploads\/2021\/09\/2109_BERLIN_2.jpg","datePublished":"2021-09-06T05:43:49+00:00","dateModified":"2021-11-09T06:27:25+00:00","breadcrumb":{"@id":"https:\/\/centredart.in\/fr\/project\/berlin\/#breadcrumb"},"inLanguage":"fr-FR","potentialAction":[{"@type":"ReadAction","target":["https:\/\/centredart.in\/fr\/project\/berlin\/"]}]},{"@type":"ImageObject","inLanguage":"fr-FR","@id":"https:\/\/centredart.in\/fr\/project\/berlin\/#primaryimage","url":"https:\/\/centredart.in\/wp-content\/uploads\/2021\/09\/2109_BERLIN_2.jpg","contentUrl":"https:\/\/centredart.in\/wp-content\/uploads\/2021\/09\/2109_BERLIN_2.jpg","width":565,"height":351},{"@type":"BreadcrumbList","@id":"https:\/\/centredart.in\/fr\/project\/berlin\/#breadcrumb","itemListElement":[{"@type":"ListItem","position":1,"name":"Home","item":"https:\/\/centredart.in\/fr\/"},{"@type":"ListItem","position":2,"name":"Projets","item":"https:\/\/centredart.in\/fr\/project\/"},{"@type":"ListItem","position":3,"name":"Berlin"}]},{"@type":"WebSite","@id":"https:\/\/centredart.in\/fr\/#website","url":"https:\/\/centredart.in\/fr\/","name":"Centre d&#039;art","description":"Auroville&#039;s Art Gallery","publisher":{"@id":"https:\/\/centredart.in\/fr\/#organization"},"potentialAction":[{"@type":"SearchAction","target":{"@type":"EntryPoint","urlTemplate":"https:\/\/centredart.in\/fr\/?s={search_term_string}"},"query-input":{"@type":"PropertyValueSpecification","valueRequired":true,"valueName":"search_term_string"}}],"inLanguage":"fr-FR"},{"@type":"Organization","@id":"https:\/\/centredart.in\/fr\/#organization","name":"Centre d'Art","url":"https:\/\/centredart.in\/fr\/","logo":{"@type":"ImageObject","inLanguage":"fr-FR","@id":"https:\/\/centredart.in\/fr\/#\/schema\/logo\/image\/","url":"http:\/\/centredart.in\/wp-content\/uploads\/2021\/06\/CentredARTLogoLong.png","contentUrl":"http:\/\/centredart.in\/wp-content\/uploads\/2021\/06\/CentredARTLogoLong.png","width":660,"height":314,"caption":"Centre d'Art"},"image":{"@id":"https:\/\/centredart.in\/fr\/#\/schema\/logo\/image\/"},"sameAs":["https:\/\/www.instagram.com\/accounts\/login\/","https:\/\/www.youtube.com\/channel\/UC-uyzaB-uXZ07qyRtwN3IOg"]}]}},"_links":{"self":[{"href":"https:\/\/centredart.in\/fr\/wp-json\/wp\/v2\/project\/2020","targetHints":{"allow":["GET"]}}],"collection":[{"href":"https:\/\/centredart.in\/fr\/wp-json\/wp\/v2\/project"}],"about":[{"href":"https:\/\/centredart.in\/fr\/wp-json\/wp\/v2\/types\/project"}],"author":[{"embeddable":true,"href":"https:\/\/centredart.in\/fr\/wp-json\/wp\/v2\/users\/2"}],"replies":[{"embeddable":true,"href":"https:\/\/centredart.in\/fr\/wp-json\/wp\/v2\/comments?post=2020"}],"version-history":[{"count":0,"href":"https:\/\/centredart.in\/fr\/wp-json\/wp\/v2\/project\/2020\/revisions"}],"wp:featuredmedia":[{"embeddable":true,"href":"https:\/\/centredart.in\/fr\/wp-json\/wp\/v2\/media\/2005"}],"wp:attachment":[{"href":"https:\/\/centredart.in\/fr\/wp-json\/wp\/v2\/media?parent=2020"}],"wp:term":[{"taxonomy":"project_category","embeddable":true,"href":"https:\/\/centredart.in\/fr\/wp-json\/wp\/v2\/project_category?post=2020"},{"taxonomy":"project_tag","embeddable":true,"href":"https:\/\/centredart.in\/fr\/wp-json\/wp\/v2\/project_tag?post=2020"}],"curies":[{"name":"wp","href":"https:\/\/api.w.org\/{rel}","templated":true}]}}