{"id":2790,"date":"2022-01-19T06:02:00","date_gmt":"2022-01-19T06:02:00","guid":{"rendered":"http:\/\/centredart.in\/project\/in-the-land-of-majestic-giants\/"},"modified":"2022-08-11T06:13:08","modified_gmt":"2022-08-11T06:13:08","slug":"in-the-land-of-majestic-giants","status":"publish","type":"project","link":"https:\/\/centredart.in\/fr\/project\/in-the-land-of-majestic-giants\/","title":{"rendered":"In the Land of Majestic Giants"},"content":{"rendered":"\n<h1 class=\"wp-block-heading\" id=\"by-ashwin-ezhumalai\">par Ashwin Ezhumalai<\/h1>\n\n<h2 class=\"wp-block-heading\" id=\"28th-january-to-12th-february-2022\">Du 28 janvier au 12 f\u00e9vrier 2022<\/h2>\n\n<h2 class=\"wp-block-heading\" id=\"monday-to-saturday-10am-12pm-2-30pm-5pm\">Lundi \u00e0 samedi 10h-12h &amp; 14h30-17h<\/h2>\n\n<h2 class=\"wp-block-heading\" id=\"opening-on-friday-28th-january-2022-at-4pm\">Vernissage vendredi 28 f\u00e9vrier 2022 \u00e0 16h<\/h2>\n\n<div style=\"height:50px\" aria-hidden=\"true\" class=\"wp-block-spacer\"><\/div>\n\n<figure class=\"wp-block-image aligncenter size-large\"><img decoding=\"async\" width=\"724\" height=\"1024\" src=\"http:\/\/centredart.in\/wp-content\/uploads\/2022\/01\/2201_IN_THE_LAND-724x1024.jpg\" alt=\"\" class=\"wp-image-2787\"\/><\/figure>\n\n<p>Les montagnes ont toujours \u00e9t\u00e9 une source de fascination pour moi, depuis que je sais ce qu&rsquo;elles sont. Les images de la premi\u00e8re vue de montagnes aux sommets enneig\u00e9s sont encore claires dans ma m\u00e9moire. Lorsque j&rsquo;ai eu la premi\u00e8re occasion de faire un trek sur les terrains de ces \u00eatres majestueux, c&rsquo;\u00e9tait la guerre contre moi-m\u00eame ! C&rsquo;\u00e9tait le d\u00e9fi et la lutte les plus durs que j&rsquo;ai eu \u00e0 affronter, les difficult\u00e9s \u00e9taient immenses. Cependant, en pr\u00e9sence de ces \u00eatres tranquilles, majestueux, pleins de vie et d&rsquo;\u00e9nergie, c&rsquo;est devenu un voyage int\u00e9rieur, un voyage pour apprendre \u00e0 me conna\u00eetre et d\u00e9couvrir qui j&rsquo;\u00e9tais et qui j&rsquo;\u00e9tais en train de devenir ; et \u00e0 la fin du trek, le r\u00e9sultat de ce voyage a compens\u00e9 tous les inconv\u00e9nients et m&rsquo;a laiss\u00e9 avec une exp\u00e9rience profonde, un sentiment d&rsquo;\u00eatre entier et vivant ! Depuis, c&rsquo;est un lien plus \u00e9troit que je porte avec ces \u00eatres majestueux et chaque fois que je voyage, randonne ou trek sur leur terrain, ce lien se renforce.<\/p>\n\n<p>Cette exposition de photos se concentre sur les montagnes et fait ressortir la beaut\u00e9 pure, l&rsquo;esprit et l&rsquo;immense \u00e9nergie que l&rsquo;on peut ressentir sur ces terrains. Elle pr\u00e9sente des images photographiques de certaines vall\u00e9es et cols rarement visit\u00e9s de l&rsquo;Himachal Pradesh. L&rsquo;objectif est de donner une exp\u00e9rience visuelle de l&rsquo;immensit\u00e9 de la cha\u00eene de l&rsquo;Himalaya, avec ses terrains vari\u00e9s et ses paysages diversifi\u00e9s au-dessous et au-dessus de la limite des arbres, ses glaciers, ses collines herbeuses et ses montagnes couvertes de neige. Il tente de faire ressortir ma perspective et mon voyage avec ces \u00eatres majestueux. En outre, elle tente \u00e9galement de mettre en lumi\u00e8re certains des treks et voyages effectu\u00e9s par un petit groupe d&rsquo;auroviliens dans ces paysages \u00e9loign\u00e9s et aux conditions difficiles.<\/p>\n\n<p>Pour conclure, l&rsquo;installation d\u00e9peindra mon voyage avec des images photographiques de l&rsquo;Himalaya, des photographies que j&rsquo;ai prises au cours de treks et de voyages au fil des ans dans diff\u00e9rentes r\u00e9gions de l&rsquo;Himalaya. Elle tentera d&rsquo;engager les spectateurs dans un voyage visuel mais aussi int\u00e9rieur pour se red\u00e9couvrir \u00e0 travers ces \u00eatres majestueux.<\/p>\n\n<p>Ashwin Ezhumalai est n\u00e9 et a grandi \u00e0 Auroville. Il est professeur \u00e0 Last School, concepteur de lumi\u00e8res et photographe ind\u00e9pendant.<\/p>\n\n<p><\/p>\n","protected":false},"excerpt":{"rendered":"<p>Du 28 jan. au 12 f\u00e9v. 2022<\/p>\n","protected":false},"author":2,"featured_media":2788,"comment_status":"closed","ping_status":"closed","template":"","meta":{"_acf_changed":false,"_et_pb_use_builder":"","_et_pb_old_content":"","_et_gb_content_width":"","footnotes":""},"project_category":[],"project_tag":[],"class_list":["post-2790","project","type-project","status-publish","has-post-thumbnail","hentry"],"acf":[],"yoast_head":"<!-- This site is optimized with the Yoast SEO plugin v27.5 - https:\/\/yoast.com\/product\/yoast-seo-wordpress\/ -->\n<title>In the Land of Majestic Giants - Centre d&#039;art<\/title>\n<meta name=\"robots\" content=\"index, follow, max-snippet:-1, max-image-preview:large, max-video-preview:-1\" \/>\n<link rel=\"canonical\" href=\"https:\/\/centredart.in\/fr\/project\/in-the-land-of-majestic-giants\/\" \/>\n<meta property=\"og:locale\" content=\"fr_FR\" \/>\n<meta property=\"og:type\" content=\"article\" \/>\n<meta property=\"og:title\" content=\"In the Land of Majestic Giants - Centre d&#039;art\" \/>\n<meta property=\"og:description\" content=\"Du 28 jan. au 12 f\u00e9v. 2022\" \/>\n<meta property=\"og:url\" content=\"https:\/\/centredart.in\/fr\/project\/in-the-land-of-majestic-giants\/\" \/>\n<meta property=\"og:site_name\" content=\"Centre d&#039;art\" \/>\n<meta property=\"article:modified_time\" content=\"2022-08-11T06:13:08+00:00\" \/>\n<meta property=\"og:image\" content=\"https:\/\/centredart.in\/wp-content\/uploads\/2022\/01\/2201_IN_THE_LAND.jpg\" \/>\n\t<meta property=\"og:image:width\" content=\"1131\" \/>\n\t<meta property=\"og:image:height\" content=\"1599\" \/>\n\t<meta property=\"og:image:type\" content=\"image\/jpeg\" \/>\n<meta name=\"twitter:card\" content=\"summary_large_image\" \/>\n<meta name=\"twitter:label1\" content=\"Dur\u00e9e de lecture estim\u00e9e\" \/>\n\t<meta name=\"twitter:data1\" content=\"1 minute\" \/>\n<script type=\"application\/ld+json\" class=\"yoast-schema-graph\">{\"@context\":\"https:\\\/\\\/schema.org\",\"@graph\":[{\"@type\":\"WebPage\",\"@id\":\"https:\\\/\\\/centredart.in\\\/fr\\\/project\\\/in-the-land-of-majestic-giants\\\/\",\"url\":\"https:\\\/\\\/centredart.in\\\/fr\\\/project\\\/in-the-land-of-majestic-giants\\\/\",\"name\":\"In the Land of Majestic Giants - Centre d&#039;art\",\"isPartOf\":{\"@id\":\"https:\\\/\\\/centredart.in\\\/fr\\\/#website\"},\"primaryImageOfPage\":{\"@id\":\"https:\\\/\\\/centredart.in\\\/fr\\\/project\\\/in-the-land-of-majestic-giants\\\/#primaryimage\"},\"image\":{\"@id\":\"https:\\\/\\\/centredart.in\\\/fr\\\/project\\\/in-the-land-of-majestic-giants\\\/#primaryimage\"},\"thumbnailUrl\":\"https:\\\/\\\/centredart.in\\\/wp-content\\\/uploads\\\/2022\\\/01\\\/2201_IN_THE_LAND.jpg\",\"datePublished\":\"2022-01-19T06:02:00+00:00\",\"dateModified\":\"2022-08-11T06:13:08+00:00\",\"breadcrumb\":{\"@id\":\"https:\\\/\\\/centredart.in\\\/fr\\\/project\\\/in-the-land-of-majestic-giants\\\/#breadcrumb\"},\"inLanguage\":\"fr-FR\",\"potentialAction\":[{\"@type\":\"ReadAction\",\"target\":[\"https:\\\/\\\/centredart.in\\\/fr\\\/project\\\/in-the-land-of-majestic-giants\\\/\"]}]},{\"@type\":\"ImageObject\",\"inLanguage\":\"fr-FR\",\"@id\":\"https:\\\/\\\/centredart.in\\\/fr\\\/project\\\/in-the-land-of-majestic-giants\\\/#primaryimage\",\"url\":\"https:\\\/\\\/centredart.in\\\/wp-content\\\/uploads\\\/2022\\\/01\\\/2201_IN_THE_LAND.jpg\",\"contentUrl\":\"https:\\\/\\\/centredart.in\\\/wp-content\\\/uploads\\\/2022\\\/01\\\/2201_IN_THE_LAND.jpg\",\"width\":1131,\"height\":1599},{\"@type\":\"BreadcrumbList\",\"@id\":\"https:\\\/\\\/centredart.in\\\/fr\\\/project\\\/in-the-land-of-majestic-giants\\\/#breadcrumb\",\"itemListElement\":[{\"@type\":\"ListItem\",\"position\":1,\"name\":\"Home\",\"item\":\"https:\\\/\\\/centredart.in\\\/fr\\\/\"},{\"@type\":\"ListItem\",\"position\":2,\"name\":\"Projets\",\"item\":\"https:\\\/\\\/centredart.in\\\/fr\\\/project\\\/\"},{\"@type\":\"ListItem\",\"position\":3,\"name\":\"In the Land of Majestic Giants\"}]},{\"@type\":\"WebSite\",\"@id\":\"https:\\\/\\\/centredart.in\\\/fr\\\/#website\",\"url\":\"https:\\\/\\\/centredart.in\\\/fr\\\/\",\"name\":\"Centre d&#039;art\",\"description\":\"Auroville&#039;s Art Gallery\",\"publisher\":{\"@id\":\"https:\\\/\\\/centredart.in\\\/fr\\\/#organization\"},\"potentialAction\":[{\"@type\":\"SearchAction\",\"target\":{\"@type\":\"EntryPoint\",\"urlTemplate\":\"https:\\\/\\\/centredart.in\\\/fr\\\/?s={search_term_string}\"},\"query-input\":{\"@type\":\"PropertyValueSpecification\",\"valueRequired\":true,\"valueName\":\"search_term_string\"}}],\"inLanguage\":\"fr-FR\"},{\"@type\":\"Organization\",\"@id\":\"https:\\\/\\\/centredart.in\\\/fr\\\/#organization\",\"name\":\"Centre d'Art\",\"url\":\"https:\\\/\\\/centredart.in\\\/fr\\\/\",\"logo\":{\"@type\":\"ImageObject\",\"inLanguage\":\"fr-FR\",\"@id\":\"https:\\\/\\\/centredart.in\\\/fr\\\/#\\\/schema\\\/logo\\\/image\\\/\",\"url\":\"http:\\\/\\\/centredart.in\\\/wp-content\\\/uploads\\\/2021\\\/06\\\/CentredARTLogoLong.png\",\"contentUrl\":\"http:\\\/\\\/centredart.in\\\/wp-content\\\/uploads\\\/2021\\\/06\\\/CentredARTLogoLong.png\",\"width\":660,\"height\":314,\"caption\":\"Centre d'Art\"},\"image\":{\"@id\":\"https:\\\/\\\/centredart.in\\\/fr\\\/#\\\/schema\\\/logo\\\/image\\\/\"},\"sameAs\":[\"https:\\\/\\\/www.instagram.com\\\/accounts\\\/login\\\/\",\"https:\\\/\\\/www.youtube.com\\\/channel\\\/UC-uyzaB-uXZ07qyRtwN3IOg\"]}]}<\/script>\n<!-- \/ Yoast SEO plugin. -->","yoast_head_json":{"title":"In the Land of Majestic Giants - Centre d&#039;art","robots":{"index":"index","follow":"follow","max-snippet":"max-snippet:-1","max-image-preview":"max-image-preview:large","max-video-preview":"max-video-preview:-1"},"canonical":"https:\/\/centredart.in\/fr\/project\/in-the-land-of-majestic-giants\/","og_locale":"fr_FR","og_type":"article","og_title":"In the Land of Majestic Giants - Centre d&#039;art","og_description":"Du 28 jan. au 12 f\u00e9v. 2022","og_url":"https:\/\/centredart.in\/fr\/project\/in-the-land-of-majestic-giants\/","og_site_name":"Centre d&#039;art","article_modified_time":"2022-08-11T06:13:08+00:00","og_image":[{"width":1131,"height":1599,"url":"https:\/\/centredart.in\/wp-content\/uploads\/2022\/01\/2201_IN_THE_LAND.jpg","type":"image\/jpeg"}],"twitter_card":"summary_large_image","twitter_misc":{"Dur\u00e9e de lecture estim\u00e9e":"1 minute"},"schema":{"@context":"https:\/\/schema.org","@graph":[{"@type":"WebPage","@id":"https:\/\/centredart.in\/fr\/project\/in-the-land-of-majestic-giants\/","url":"https:\/\/centredart.in\/fr\/project\/in-the-land-of-majestic-giants\/","name":"In the Land of Majestic Giants - Centre d&#039;art","isPartOf":{"@id":"https:\/\/centredart.in\/fr\/#website"},"primaryImageOfPage":{"@id":"https:\/\/centredart.in\/fr\/project\/in-the-land-of-majestic-giants\/#primaryimage"},"image":{"@id":"https:\/\/centredart.in\/fr\/project\/in-the-land-of-majestic-giants\/#primaryimage"},"thumbnailUrl":"https:\/\/centredart.in\/wp-content\/uploads\/2022\/01\/2201_IN_THE_LAND.jpg","datePublished":"2022-01-19T06:02:00+00:00","dateModified":"2022-08-11T06:13:08+00:00","breadcrumb":{"@id":"https:\/\/centredart.in\/fr\/project\/in-the-land-of-majestic-giants\/#breadcrumb"},"inLanguage":"fr-FR","potentialAction":[{"@type":"ReadAction","target":["https:\/\/centredart.in\/fr\/project\/in-the-land-of-majestic-giants\/"]}]},{"@type":"ImageObject","inLanguage":"fr-FR","@id":"https:\/\/centredart.in\/fr\/project\/in-the-land-of-majestic-giants\/#primaryimage","url":"https:\/\/centredart.in\/wp-content\/uploads\/2022\/01\/2201_IN_THE_LAND.jpg","contentUrl":"https:\/\/centredart.in\/wp-content\/uploads\/2022\/01\/2201_IN_THE_LAND.jpg","width":1131,"height":1599},{"@type":"BreadcrumbList","@id":"https:\/\/centredart.in\/fr\/project\/in-the-land-of-majestic-giants\/#breadcrumb","itemListElement":[{"@type":"ListItem","position":1,"name":"Home","item":"https:\/\/centredart.in\/fr\/"},{"@type":"ListItem","position":2,"name":"Projets","item":"https:\/\/centredart.in\/fr\/project\/"},{"@type":"ListItem","position":3,"name":"In the Land of Majestic Giants"}]},{"@type":"WebSite","@id":"https:\/\/centredart.in\/fr\/#website","url":"https:\/\/centredart.in\/fr\/","name":"Centre d&#039;art","description":"Auroville&#039;s Art Gallery","publisher":{"@id":"https:\/\/centredart.in\/fr\/#organization"},"potentialAction":[{"@type":"SearchAction","target":{"@type":"EntryPoint","urlTemplate":"https:\/\/centredart.in\/fr\/?s={search_term_string}"},"query-input":{"@type":"PropertyValueSpecification","valueRequired":true,"valueName":"search_term_string"}}],"inLanguage":"fr-FR"},{"@type":"Organization","@id":"https:\/\/centredart.in\/fr\/#organization","name":"Centre d'Art","url":"https:\/\/centredart.in\/fr\/","logo":{"@type":"ImageObject","inLanguage":"fr-FR","@id":"https:\/\/centredart.in\/fr\/#\/schema\/logo\/image\/","url":"http:\/\/centredart.in\/wp-content\/uploads\/2021\/06\/CentredARTLogoLong.png","contentUrl":"http:\/\/centredart.in\/wp-content\/uploads\/2021\/06\/CentredARTLogoLong.png","width":660,"height":314,"caption":"Centre d'Art"},"image":{"@id":"https:\/\/centredart.in\/fr\/#\/schema\/logo\/image\/"},"sameAs":["https:\/\/www.instagram.com\/accounts\/login\/","https:\/\/www.youtube.com\/channel\/UC-uyzaB-uXZ07qyRtwN3IOg"]}]}},"_links":{"self":[{"href":"https:\/\/centredart.in\/fr\/wp-json\/wp\/v2\/project\/2790","targetHints":{"allow":["GET"]}}],"collection":[{"href":"https:\/\/centredart.in\/fr\/wp-json\/wp\/v2\/project"}],"about":[{"href":"https:\/\/centredart.in\/fr\/wp-json\/wp\/v2\/types\/project"}],"author":[{"embeddable":true,"href":"https:\/\/centredart.in\/fr\/wp-json\/wp\/v2\/users\/2"}],"replies":[{"embeddable":true,"href":"https:\/\/centredart.in\/fr\/wp-json\/wp\/v2\/comments?post=2790"}],"version-history":[{"count":0,"href":"https:\/\/centredart.in\/fr\/wp-json\/wp\/v2\/project\/2790\/revisions"}],"wp:featuredmedia":[{"embeddable":true,"href":"https:\/\/centredart.in\/fr\/wp-json\/wp\/v2\/media\/2788"}],"wp:attachment":[{"href":"https:\/\/centredart.in\/fr\/wp-json\/wp\/v2\/media?parent=2790"}],"wp:term":[{"taxonomy":"project_category","embeddable":true,"href":"https:\/\/centredart.in\/fr\/wp-json\/wp\/v2\/project_category?post=2790"},{"taxonomy":"project_tag","embeddable":true,"href":"https:\/\/centredart.in\/fr\/wp-json\/wp\/v2\/project_tag?post=2790"}],"curies":[{"name":"wp","href":"https:\/\/api.w.org\/{rel}","templated":true}]}}