{"id":3982,"date":"2022-08-05T09:16:21","date_gmt":"2022-08-05T09:16:21","guid":{"rendered":"http:\/\/centredart.in\/project\/echo-une-installation\/"},"modified":"2022-08-05T09:21:29","modified_gmt":"2022-08-05T09:21:29","slug":"echo-une-installation","status":"publish","type":"project","link":"https:\/\/centredart.in\/fr\/project\/echo-une-installation\/","title":{"rendered":"Echo &#8211; une installation"},"content":{"rendered":"\n<h1 class=\"wp-block-heading\"><strong>Par Bhavyo<\/strong><\/h1>\n\n<h2 class=\"wp-block-heading\">19th August to 2nd September 2022<\/h2>\n\n<h2 class=\"wp-block-heading\">Du lundi au samedi de 14h30 \u00e0 17h30<\/h2>\n\n<h2 class=\"wp-block-heading\">Vernissage le vendredi 19 ao\u00fbt \u00e0 16h30<\/h2>\n\n<div style=\"height:50px\" aria-hidden=\"true\" class=\"wp-block-spacer\"><\/div>\n\n<figure class=\"wp-block-image size-large\"><img decoding=\"async\" width=\"721\" height=\"1024\" src=\"http:\/\/centredart.in\/wp-content\/uploads\/2022\/08\/1-721x1024.jpg\" alt=\"\" class=\"wp-image-3978\" srcset=\"http:\/\/centredart.in\/wp-content\/uploads\/2022\/08\/1-721x1024.jpg 721w, http:\/\/centredart.in\/wp-content\/uploads\/2022\/08\/1-480x682.jpg 480w\" sizes=\"(min-width: 0px) and (max-width: 480px) 480px, (min-width: 481px) 721px, 100vw\" \/><\/figure>\n\n<p>Au milieu des montagnes, incapable de m&rsquo;accrocher \u00e0 leur calme, j&rsquo;ai \u00e9t\u00e9 emport\u00e9. Seul le silence est rest\u00e9. Tracer les silhouettes des montagnes est devenu le mantra de mes mains.<\/p>\n\n<p><strong>A propos de l&rsquo;artsiste:<\/strong><\/p>\n\n<p>Je m&rsquo;appelle Bhavyo. J&rsquo;ai 23 ans. J&rsquo;ai grandi \u00e0 Auroville et c&rsquo;est un professeur qui m&rsquo;a fait d\u00e9couvrir les pentes de l&rsquo;Himachal \u00e0 l&rsquo;\u00e2ge de 16 ans. Depuis, mon univers est li\u00e9 au domaine de l&rsquo;\u00e9ducation et \u00e0 l&rsquo;expression des montagnes sous forme d&rsquo;art.<\/p>\n\n<p>Le voyage qui m&rsquo;a conduit \u00e0 peindre cette montagne a commenc\u00e9 il y a cinq ans sur les pentes d&rsquo;une autre cha\u00eene. Malmen\u00e9 et battu par le temps au c\u0153ur d&rsquo;un trek, le monde s&rsquo;est arr\u00eat\u00e9. Les montagnes et un petit moi, incapable d&rsquo;appr\u00e9hender leur pr\u00e9sence le plus simplement du monde.<\/p>\n\n<p>J&rsquo;ai \u00e9t\u00e9 pris dans un moment qui m&rsquo;a rappel\u00e9 dans leurs bras encore et encore. Trouver un moyen d&rsquo;aller au-del\u00e0 du bruit, d&rsquo;explorer et de d\u00e9terrer en silence leur histoire cisel\u00e9e \u00e0 perte de vue.<\/p>\n\n<p>Le projet de partager le travail avec la communaut\u00e9 a commenc\u00e9 il y a presque deux ans sous forme d&rsquo;esquisses et de possibilit\u00e9s dans les couloirs des citadines. Mais pour amener les montagnes ici, j&rsquo;ai d\u00fb aller et \u00eatre avec Elles.<\/p>\n\n<p>Le don de leur pr\u00e9sence, re\u00e7ue avec gratitude et joie, \u00e9tait la condition que je m&rsquo;\u00e9tais fix\u00e9e.<\/p>\n\n<p>Une fois de plus, le professeur qui m&rsquo;avait emmen\u00e9 la premi\u00e8re fois dans les montagnes a r\u00e9uni un groupe de sept personnes et nous nous sommes aventur\u00e9s dans une vall\u00e9e de l&rsquo;Himachal, Patseo. Ce trek a \u00e9t\u00e9 cr\u00e9\u00e9 dans le but de peindre.<\/p>\n\n<p>La deuxi\u00e8me partie de la pr\u00e9paration a commenc\u00e9 une fois que j&rsquo;\u00e9tais de retour et que j&rsquo;ai d\u00fb m&rsquo;entra\u00eener par la r\u00e9p\u00e9tition pour graver les montagnes dans mon corps. Mon but \u00e9tait d&rsquo;aller \u00e0 l&rsquo;int\u00e9rieur, toujours \u00e0 l&rsquo;int\u00e9rieur et de trouver \u00e0 l&rsquo;int\u00e9rieur le lien avec les montagnes, et d&rsquo;\u00eatre le vaisseau pour les laisser respirer.<\/p>\n\n<p>Je suis au d\u00e9but d&rsquo;un long chemin, quelques pas dans le voyage.<\/p>\n","protected":false},"excerpt":{"rendered":"<p>DU 19 ao\u00fbt au 2 sept. 2022<\/p>\n","protected":false},"author":2,"featured_media":4971,"comment_status":"closed","ping_status":"closed","template":"","meta":{"_acf_changed":false,"_et_pb_use_builder":"","_et_pb_old_content":"","_et_gb_content_width":"","footnotes":""},"project_category":[],"project_tag":[],"class_list":["post-3982","project","type-project","status-publish","has-post-thumbnail","hentry"],"acf":[],"yoast_head":"<!-- This site is optimized with the Yoast SEO plugin v27.4 - https:\/\/yoast.com\/product\/yoast-seo-wordpress\/ -->\n<title>Echo - une installation - Centre d&#039;art<\/title>\n<meta name=\"robots\" content=\"index, follow, max-snippet:-1, max-image-preview:large, max-video-preview:-1\" \/>\n<link rel=\"canonical\" href=\"https:\/\/centredart.in\/fr\/project\/echo-une-installation\/\" \/>\n<meta property=\"og:locale\" content=\"fr_FR\" \/>\n<meta property=\"og:type\" content=\"article\" \/>\n<meta property=\"og:title\" content=\"Echo - une installation - Centre d&#039;art\" \/>\n<meta property=\"og:description\" content=\"DU 19 ao\u00fbt au 2 sept. 2022\" \/>\n<meta property=\"og:url\" content=\"https:\/\/centredart.in\/fr\/project\/echo-une-installation\/\" \/>\n<meta property=\"og:site_name\" content=\"Centre d&#039;art\" \/>\n<meta property=\"article:modified_time\" content=\"2022-08-05T09:21:29+00:00\" \/>\n<meta property=\"og:image\" content=\"https:\/\/centredart.in\/wp-content\/uploads\/2024\/02\/echoe.jpg\" \/>\n\t<meta property=\"og:image:width\" content=\"297\" \/>\n\t<meta property=\"og:image:height\" content=\"188\" \/>\n\t<meta property=\"og:image:type\" content=\"image\/jpeg\" \/>\n<meta name=\"twitter:card\" content=\"summary_large_image\" \/>\n<meta name=\"twitter:label1\" content=\"Dur\u00e9e de lecture estim\u00e9e\" \/>\n\t<meta name=\"twitter:data1\" content=\"2 minutes\" \/>\n<script type=\"application\/ld+json\" class=\"yoast-schema-graph\">{\"@context\":\"https:\\\/\\\/schema.org\",\"@graph\":[{\"@type\":\"WebPage\",\"@id\":\"https:\\\/\\\/centredart.in\\\/fr\\\/project\\\/echo-une-installation\\\/\",\"url\":\"https:\\\/\\\/centredart.in\\\/fr\\\/project\\\/echo-une-installation\\\/\",\"name\":\"Echo - une installation - Centre d&#039;art\",\"isPartOf\":{\"@id\":\"https:\\\/\\\/centredart.in\\\/fr\\\/#website\"},\"primaryImageOfPage\":{\"@id\":\"https:\\\/\\\/centredart.in\\\/fr\\\/project\\\/echo-une-installation\\\/#primaryimage\"},\"image\":{\"@id\":\"https:\\\/\\\/centredart.in\\\/fr\\\/project\\\/echo-une-installation\\\/#primaryimage\"},\"thumbnailUrl\":\"https:\\\/\\\/centredart.in\\\/wp-content\\\/uploads\\\/2024\\\/02\\\/echoe.jpg\",\"datePublished\":\"2022-08-05T09:16:21+00:00\",\"dateModified\":\"2022-08-05T09:21:29+00:00\",\"breadcrumb\":{\"@id\":\"https:\\\/\\\/centredart.in\\\/fr\\\/project\\\/echo-une-installation\\\/#breadcrumb\"},\"inLanguage\":\"fr-FR\",\"potentialAction\":[{\"@type\":\"ReadAction\",\"target\":[\"https:\\\/\\\/centredart.in\\\/fr\\\/project\\\/echo-une-installation\\\/\"]}]},{\"@type\":\"ImageObject\",\"inLanguage\":\"fr-FR\",\"@id\":\"https:\\\/\\\/centredart.in\\\/fr\\\/project\\\/echo-une-installation\\\/#primaryimage\",\"url\":\"https:\\\/\\\/centredart.in\\\/wp-content\\\/uploads\\\/2024\\\/02\\\/echoe.jpg\",\"contentUrl\":\"https:\\\/\\\/centredart.in\\\/wp-content\\\/uploads\\\/2024\\\/02\\\/echoe.jpg\",\"width\":297,\"height\":188},{\"@type\":\"BreadcrumbList\",\"@id\":\"https:\\\/\\\/centredart.in\\\/fr\\\/project\\\/echo-une-installation\\\/#breadcrumb\",\"itemListElement\":[{\"@type\":\"ListItem\",\"position\":1,\"name\":\"Home\",\"item\":\"https:\\\/\\\/centredart.in\\\/fr\\\/\"},{\"@type\":\"ListItem\",\"position\":2,\"name\":\"Projets\",\"item\":\"https:\\\/\\\/centredart.in\\\/fr\\\/project\\\/\"},{\"@type\":\"ListItem\",\"position\":3,\"name\":\"Echo &#8211; une installation\"}]},{\"@type\":\"WebSite\",\"@id\":\"https:\\\/\\\/centredart.in\\\/fr\\\/#website\",\"url\":\"https:\\\/\\\/centredart.in\\\/fr\\\/\",\"name\":\"Centre d&#039;art\",\"description\":\"Auroville&#039;s Art Gallery\",\"publisher\":{\"@id\":\"https:\\\/\\\/centredart.in\\\/fr\\\/#organization\"},\"potentialAction\":[{\"@type\":\"SearchAction\",\"target\":{\"@type\":\"EntryPoint\",\"urlTemplate\":\"https:\\\/\\\/centredart.in\\\/fr\\\/?s={search_term_string}\"},\"query-input\":{\"@type\":\"PropertyValueSpecification\",\"valueRequired\":true,\"valueName\":\"search_term_string\"}}],\"inLanguage\":\"fr-FR\"},{\"@type\":\"Organization\",\"@id\":\"https:\\\/\\\/centredart.in\\\/fr\\\/#organization\",\"name\":\"Centre d'Art\",\"url\":\"https:\\\/\\\/centredart.in\\\/fr\\\/\",\"logo\":{\"@type\":\"ImageObject\",\"inLanguage\":\"fr-FR\",\"@id\":\"https:\\\/\\\/centredart.in\\\/fr\\\/#\\\/schema\\\/logo\\\/image\\\/\",\"url\":\"http:\\\/\\\/centredart.in\\\/wp-content\\\/uploads\\\/2021\\\/06\\\/CentredARTLogoLong.png\",\"contentUrl\":\"http:\\\/\\\/centredart.in\\\/wp-content\\\/uploads\\\/2021\\\/06\\\/CentredARTLogoLong.png\",\"width\":660,\"height\":314,\"caption\":\"Centre d'Art\"},\"image\":{\"@id\":\"https:\\\/\\\/centredart.in\\\/fr\\\/#\\\/schema\\\/logo\\\/image\\\/\"},\"sameAs\":[\"https:\\\/\\\/www.instagram.com\\\/accounts\\\/login\\\/\",\"https:\\\/\\\/www.youtube.com\\\/channel\\\/UC-uyzaB-uXZ07qyRtwN3IOg\"]}]}<\/script>\n<!-- \/ Yoast SEO plugin. -->","yoast_head_json":{"title":"Echo - une installation - Centre d&#039;art","robots":{"index":"index","follow":"follow","max-snippet":"max-snippet:-1","max-image-preview":"max-image-preview:large","max-video-preview":"max-video-preview:-1"},"canonical":"https:\/\/centredart.in\/fr\/project\/echo-une-installation\/","og_locale":"fr_FR","og_type":"article","og_title":"Echo - une installation - Centre d&#039;art","og_description":"DU 19 ao\u00fbt au 2 sept. 2022","og_url":"https:\/\/centredart.in\/fr\/project\/echo-une-installation\/","og_site_name":"Centre d&#039;art","article_modified_time":"2022-08-05T09:21:29+00:00","og_image":[{"width":297,"height":188,"url":"https:\/\/centredart.in\/wp-content\/uploads\/2024\/02\/echoe.jpg","type":"image\/jpeg"}],"twitter_card":"summary_large_image","twitter_misc":{"Dur\u00e9e de lecture estim\u00e9e":"2 minutes"},"schema":{"@context":"https:\/\/schema.org","@graph":[{"@type":"WebPage","@id":"https:\/\/centredart.in\/fr\/project\/echo-une-installation\/","url":"https:\/\/centredart.in\/fr\/project\/echo-une-installation\/","name":"Echo - une installation - Centre d&#039;art","isPartOf":{"@id":"https:\/\/centredart.in\/fr\/#website"},"primaryImageOfPage":{"@id":"https:\/\/centredart.in\/fr\/project\/echo-une-installation\/#primaryimage"},"image":{"@id":"https:\/\/centredart.in\/fr\/project\/echo-une-installation\/#primaryimage"},"thumbnailUrl":"https:\/\/centredart.in\/wp-content\/uploads\/2024\/02\/echoe.jpg","datePublished":"2022-08-05T09:16:21+00:00","dateModified":"2022-08-05T09:21:29+00:00","breadcrumb":{"@id":"https:\/\/centredart.in\/fr\/project\/echo-une-installation\/#breadcrumb"},"inLanguage":"fr-FR","potentialAction":[{"@type":"ReadAction","target":["https:\/\/centredart.in\/fr\/project\/echo-une-installation\/"]}]},{"@type":"ImageObject","inLanguage":"fr-FR","@id":"https:\/\/centredart.in\/fr\/project\/echo-une-installation\/#primaryimage","url":"https:\/\/centredart.in\/wp-content\/uploads\/2024\/02\/echoe.jpg","contentUrl":"https:\/\/centredart.in\/wp-content\/uploads\/2024\/02\/echoe.jpg","width":297,"height":188},{"@type":"BreadcrumbList","@id":"https:\/\/centredart.in\/fr\/project\/echo-une-installation\/#breadcrumb","itemListElement":[{"@type":"ListItem","position":1,"name":"Home","item":"https:\/\/centredart.in\/fr\/"},{"@type":"ListItem","position":2,"name":"Projets","item":"https:\/\/centredart.in\/fr\/project\/"},{"@type":"ListItem","position":3,"name":"Echo &#8211; une installation"}]},{"@type":"WebSite","@id":"https:\/\/centredart.in\/fr\/#website","url":"https:\/\/centredart.in\/fr\/","name":"Centre d&#039;art","description":"Auroville&#039;s Art Gallery","publisher":{"@id":"https:\/\/centredart.in\/fr\/#organization"},"potentialAction":[{"@type":"SearchAction","target":{"@type":"EntryPoint","urlTemplate":"https:\/\/centredart.in\/fr\/?s={search_term_string}"},"query-input":{"@type":"PropertyValueSpecification","valueRequired":true,"valueName":"search_term_string"}}],"inLanguage":"fr-FR"},{"@type":"Organization","@id":"https:\/\/centredart.in\/fr\/#organization","name":"Centre d'Art","url":"https:\/\/centredart.in\/fr\/","logo":{"@type":"ImageObject","inLanguage":"fr-FR","@id":"https:\/\/centredart.in\/fr\/#\/schema\/logo\/image\/","url":"http:\/\/centredart.in\/wp-content\/uploads\/2021\/06\/CentredARTLogoLong.png","contentUrl":"http:\/\/centredart.in\/wp-content\/uploads\/2021\/06\/CentredARTLogoLong.png","width":660,"height":314,"caption":"Centre d'Art"},"image":{"@id":"https:\/\/centredart.in\/fr\/#\/schema\/logo\/image\/"},"sameAs":["https:\/\/www.instagram.com\/accounts\/login\/","https:\/\/www.youtube.com\/channel\/UC-uyzaB-uXZ07qyRtwN3IOg"]}]}},"_links":{"self":[{"href":"https:\/\/centredart.in\/fr\/wp-json\/wp\/v2\/project\/3982","targetHints":{"allow":["GET"]}}],"collection":[{"href":"https:\/\/centredart.in\/fr\/wp-json\/wp\/v2\/project"}],"about":[{"href":"https:\/\/centredart.in\/fr\/wp-json\/wp\/v2\/types\/project"}],"author":[{"embeddable":true,"href":"https:\/\/centredart.in\/fr\/wp-json\/wp\/v2\/users\/2"}],"replies":[{"embeddable":true,"href":"https:\/\/centredart.in\/fr\/wp-json\/wp\/v2\/comments?post=3982"}],"version-history":[{"count":0,"href":"https:\/\/centredart.in\/fr\/wp-json\/wp\/v2\/project\/3982\/revisions"}],"wp:featuredmedia":[{"embeddable":true,"href":"https:\/\/centredart.in\/fr\/wp-json\/wp\/v2\/media\/4971"}],"wp:attachment":[{"href":"https:\/\/centredart.in\/fr\/wp-json\/wp\/v2\/media?parent=3982"}],"wp:term":[{"taxonomy":"project_category","embeddable":true,"href":"https:\/\/centredart.in\/fr\/wp-json\/wp\/v2\/project_category?post=3982"},{"taxonomy":"project_tag","embeddable":true,"href":"https:\/\/centredart.in\/fr\/wp-json\/wp\/v2\/project_tag?post=3982"}],"curies":[{"name":"wp","href":"https:\/\/api.w.org\/{rel}","templated":true}]}}